{"id":50434,"date":"2024-11-24T20:44:45","date_gmt":"2024-11-24T18:44:45","guid":{"rendered":"https:\/\/www.radiomarket.fi\/?post_type=product&#038;p=50434"},"modified":"2024-11-26T19:47:03","modified_gmt":"2024-11-26T17:47:03","slug":"ekub0766-ve301-dyn-saksalainen-kansanvastaanotin","status":"publish","type":"product","link":"https:\/\/www.radiomarket.fi\/en\/kohde\/ekub0766-ve301-dyn-saksalainen-kansanvastaanotin\/","title":{"rendered":"EKUB0766 Mende VE301 Dyn Saksalainen kansanvastaanotin"},"content":{"rendered":"<p>VE301, Volks Empf\u00e4nger numero 301 on viittaus tammikuun 30. p\u00e4iv\u00e4\u00e4n vuonna 1933, jolloin Adolf Hitler nimitettiin Saksan valtakunnankansleriksi. Dyn on mallisarjan ainut lasiasteikkoinen vastaanotin ja my\u00f6skin sarjan harvinaisin malli. T\u00e4ll\u00e4 katkenneella asteikkolasilla on vain saksalaisia asemia kuten korostuneeseen kansalliskiihkoon kuuluikin.<\/p><p>T\u00e4m\u00e4 radioyksil\u00f6 on ollut yksityisen\u00e4 sotasaaliina Neuvostoliitossa, mik\u00e4 selitt\u00e4\u00e4 asteikon p\u00e4iss\u00e4 olevien hakaristikotkien turmelemisen. Ilman tuota tuhoa radio tai kuuntelija tuskin olisivat s\u00e4ilyneet koskemattomina. Radio on kunnostettu 2000-luvun alussa ja siihen on tuolloin tehty uusi takalevy ja vaihdettu oikean v\u00e4rinen mutta karkeampi kangas.<\/p><p>Tilatessasi muista valita toimitus s\u00e4rkyv\u00e4n\u00e4 tai nouda radiosi!<\/p><p>Lis\u00e4\u00e4mme kuvia radiosta l\u00e4hip\u00e4ivin\u00e4.<\/p>","protected":false},"excerpt":{"rendered":"<p>VE301, Volks Empf\u00e4nger numero 301 on viittaus tammikuun 30. p\u00e4iv\u00e4\u00e4n vuonna 1933, jolloin Adolf Hitler nimitettiin Saksan valtakunnankansleriksi. Dyn on mallisarjan ainut lasiasteikkoinen vastaanotin ja my\u00f6skin sarjan harvinaisin malli. T\u00e4ll\u00e4 katkenneella asteikkolasilla on vain saksalaisia asemia kuten korostuneeseen kansalliskiihkoon kuuluikin.T\u00e4m\u00e4 radioyksil\u00f6 on ollut yksityisen\u00e4 sotasaaliina Neuvostoliitossa, mik\u00e4 selitt\u00e4\u00e4 asteikon p\u00e4iss\u00e4 olevien hakaristikotkien turmelemisen. Ilman tuota &hellip;<\/p>\n<p class=\"read-more\"> <a class=\"thunk-readmore button\" href=\"https:\/\/www.radiomarket.fi\/en\/kohde\/ekub0766-ve301-dyn-saksalainen-kansanvastaanotin\/\"> <span class=\"screen-reader-text\">EKUB0766 Mende VE301 Dyn Saksalainen kansanvastaanotin<\/span>Read More<\/a><\/p>","protected":false},"featured_media":29598,"template":"","meta":[],"_links":{"self":[{"href":"https:\/\/www.radiomarket.fi\/en\/wp-json\/wp\/v2\/product\/50434"}],"collection":[{"href":"https:\/\/www.radiomarket.fi\/en\/wp-json\/wp\/v2\/product"}],"about":[{"href":"https:\/\/www.radiomarket.fi\/en\/wp-json\/wp\/v2\/types\/product"}],"wp:featuredmedia":[{"embeddable":true,"href":"https:\/\/www.radiomarket.fi\/en\/wp-json\/wp\/v2\/media\/29598"}],"wp:attachment":[{"href":"https:\/\/www.radiomarket.fi\/en\/wp-json\/wp\/v2\/media?parent=50434"}],"curies":[{"name":"wp","href":"https:\/\/api.w.org\/{rel}","templated":true}]}}